{"id":9605,"date":"2025-12-14T11:34:25","date_gmt":"2025-12-14T10:34:25","guid":{"rendered":"https:\/\/wptest.divikom.eu\/p\/profi-werkbank-880x1500x700-mm-buche-2-schubladenschraenke-steckdosenleiste\/"},"modified":"2026-08-28T12:55:02","modified_gmt":"2026-08-28T10:55:02","slug":"profesionalni-pracovni-ponk-880-x-1500-x-700-mm-buk-2-zasuvkove-skrinky-zasuvkova-lista","status":"publish","type":"product","link":"https:\/\/www.divikom.eu\/cs\/p\/profi-werkbank-880x1500x700-mm-buche-2-schubladenschraenke-steckdosenleiste\/","title":{"rendered":"Profesion\u00e1ln\u00ed pracovn\u00ed ponk 880 \u00d7 1500 \u00d7 700 mm, buk, 2 z\u00e1suvkov\u00e9 sk\u0159\u00ed\u0148ky, z\u00e1suvkov\u00e1 li\u0161ta"},"content":{"rendered":"<p>880 \u00d7 1500 \u00d7 700 mm, vod\u011bodoln\u00e1 masivn\u00ed bukov\u00e1 pracovn\u00ed deska, tlou\u0161\u0165ka 40 mm, zkosen\u00e9 hrany, o\u0161et\u0159eno ln\u011bn\u00fdm olejov\u00fdm firnisem, 1\u00d7 DKP272717U4 \u2013 profesion\u00e1ln\u00ed z\u00e1suvkov\u00e1 sk\u0159\u00ed\u0148, 1\u00d7 z\u00e1suvka 2U, 1\u00d7 z\u00e1suvka 4U, 1\u00d7 z\u00e1suvka 5U, 1\u00d7 z\u00e1suvka 6U, varianta A \u2013 v\u00fdsuv 80%, nosnost 90 kg\/z\u00e1suvka, varianta B \u2013 v\u00fdsuv 100%, nosnost 65 kg\/z\u00e1suvka, centr\u00e1ln\u00ed zamyk\u00e1n\u00ed cylindrick\u00fdm z\u00e1mkem, ochrana proti p\u0159evr\u00e1cen\u00ed, komfortn\u00ed hlin\u00edkov\u00e9 madlov\u00e9 li\u0161ty s popisov\u00fdm polem, 1\u00d7 DKP272717U4KEVH \u2013 profesion\u00e1ln\u00ed z\u00e1suvkov\u00e1 sk\u0159\u00ed\u0148, 1\u00d7 z\u00e1suvka 2U, 1\u00d7 z\u00e1suvka 3U, 1\u00d7 z\u00e1suvka 4U, 1\u00d7 z\u00e1suvka 6U, varianta A \u2013 v\u00fdsuv 80%, nosnost 90 kg\/z\u00e1suvka, varianta B \u2013 v\u00fdsuv 100%, nosnost 65 kg\/z\u00e1suvka, centr\u00e1ln\u00ed zamyk\u00e1n\u00ed cylindrick\u00fdm z\u00e1mkem, komfortn\u00ed hlin\u00edkov\u00e9 madlov\u00e9 li\u0161ty s popisov\u00fdm polem, integrovan\u00e1 19\" z\u00e1suvkov\u00e1 li\u0161ta, 1U li\u0161ta se 2 rychlospojkami pro stla\u010den\u00fd vzduch, barva korpusu\/nohou sv\u011btle \u0161ed\u00e1 RAL 7035, \u010dela z\u00e1suvek\/dve\u0159e voliteln\u011b dle v\u00fdb\u011bru<\/p>","protected":false},"excerpt":{"rendered":"<p>880 \u00d7 1500 \u00d7 700 mm, vod\u011bodoln\u00e1 masivn\u00ed bukov\u00e1 pracovn\u00ed deska, tlou\u0161\u0165ka 40 mm, zkosen\u00e9 hrany, o\u0161et\u0159eno ln\u011bn\u00fdm olejov\u00fdm firnisem, 1\u00d7 DKP272717U4 \u2013 profesion\u00e1ln\u00ed z\u00e1suvkov\u00e1 sk\u0159\u00ed\u0148, 1\u00d7 z\u00e1suvka 2U, 1\u00d7 z\u00e1suvka 4U, 1\u00d7 z\u00e1suvka 5U, 1\u00d7 z\u00e1suvka 6U, varianta A \u2013 v\u00fdsuv 80%, nosnost 90 kg\/z\u00e1suvka, varianta B \u2013 v\u00fdsuv 100%, nosnost 65 kg\/z\u00e1suvka, centr\u00e1ln\u00ed zamyk\u00e1n\u00ed cylindrick\u00fdm z\u00e1mkem, ochrana proti p\u0159evr\u00e1cen\u00ed, komfortn\u00ed hlin\u00edkov\u00e9 madlov\u00e9 li\u0161ty s popisov\u00fdm polem, 1\u00d7 DKP272717U4KEVH \u2013 profesion\u00e1ln\u00ed z\u00e1suvkov\u00e1 sk\u0159\u00ed\u0148, 1\u00d7 z\u00e1suvka 2U, 1\u00d7 z\u00e1suvka 3U, 1\u00d7 z\u00e1suvka 4U, 1\u00d7 z\u00e1suvka 6U, varianta A \u2013 v\u00fdsuv 80%, nosnost 90 kg\/z\u00e1suvka, varianta B \u2013 v\u00fdsuv 100%, nosnost 65 kg\/z\u00e1suvka, centr\u00e1ln\u00ed zamyk\u00e1n\u00ed cylindrick\u00fdm z\u00e1mkem, komfortn\u00ed hlin\u00edkov\u00e9 madlov\u00e9 li\u0161ty s popisov\u00fdm polem, integrovan\u00e1 19\" z\u00e1suvkov\u00e1 li\u0161ta, 1U li\u0161ta se 2 rychlospojkami pro stla\u010den\u00fd vzduch, barva korpusu\/nohou sv\u011btle \u0161ed\u00e1 RAL 7035, \u010dela z\u00e1suvek\/dve\u0159e voliteln\u011b dle v\u00fdb\u011bru<\/p>","protected":false},"featured_media":12394,"comment_status":"closed","ping_status":"open","template":"","meta":[],"product_brand":[544],"product_cat":[445],"product_tag":[],"class_list":["post-9605","product","type-product","status-publish","has-post-thumbnail","product_brand-divikom-stahlmoebel","product_cat-werkbaenke-dpa150","pa_auszug-100-auszug-traglast-65-kg","pa_auszug-80-auszug-traglast-90-kg","pa_breite-1500-mm","pa_hoehe-506","pa_tuer-farbe-ral3000","pa_tuer-farbe-ral1023","pa_tuer-farbe-ral2004","pa_tuer-farbe-ral5009","pa_tuer-farbe-ral5010","pa_tuer-farbe-ral6024","pa_tuer-farbe-ral7016","pa_tuer-farbe-ral7035","pa_tuer-farbe-ral5012","first","instock","taxable","shipping-taxable","purchasable","product-type-variable","has-default-attributes"],"_links":{"self":[{"href":"https:\/\/www.divikom.eu\/cs\/wp-json\/wp\/v2\/product\/9605","targetHints":{"allow":["GET"]}}],"collection":[{"href":"https:\/\/www.divikom.eu\/cs\/wp-json\/wp\/v2\/product"}],"about":[{"href":"https:\/\/www.divikom.eu\/cs\/wp-json\/wp\/v2\/types\/product"}],"replies":[{"embeddable":true,"href":"https:\/\/www.divikom.eu\/cs\/wp-json\/wp\/v2\/comments?post=9605"}],"wp:featuredmedia":[{"embeddable":true,"href":"https:\/\/www.divikom.eu\/cs\/wp-json\/wp\/v2\/media\/12394"}],"wp:attachment":[{"href":"https:\/\/www.divikom.eu\/cs\/wp-json\/wp\/v2\/media?parent=9605"}],"wp:term":[{"taxonomy":"product_brand","embeddable":true,"href":"https:\/\/www.divikom.eu\/cs\/wp-json\/wp\/v2\/product_brand?post=9605"},{"taxonomy":"product_cat","embeddable":true,"href":"https:\/\/www.divikom.eu\/cs\/wp-json\/wp\/v2\/product_cat?post=9605"},{"taxonomy":"product_tag","embeddable":true,"href":"https:\/\/www.divikom.eu\/cs\/wp-json\/wp\/v2\/product_tag?post=9605"}],"curies":[{"name":"wp","href":"https:\/\/api.w.org\/{rel}","templated":true}]}}