{"id":3824,"date":"2020-12-30T20:38:55","date_gmt":"2020-12-30T19:38:55","guid":{"rendered":"https:\/\/wptest.divikom.eu\/p\/2er-spind\/"},"modified":"2026-08-28T13:00:01","modified_gmt":"2026-08-28T11:00:01","slug":"dvoudilna-satni-skrinka","status":"publish","type":"product","link":"https:\/\/www.divikom.eu\/cs\/p\/2er-spind\/","title":{"rendered":"Dvoud\u00edln\u00e1 \u0161atn\u00ed sk\u0159\u00ed\u0148ka"},"content":{"rendered":"<p>1920 \u00d7 600 \u00d7 500 mm (V \u00d7 \u0160 \u00d7 H), dvoum\u00edstn\u00e1 \u0161atn\u00ed sk\u0159\u00ed\u0148ka se zv\u00fd\u0161enou ochranou proti vloup\u00e1n\u00ed, tvarov\u011b stabiln\u00ed dvojpl\u00e1\u0161\u0165ov\u00e1 dv\u00ed\u0159ka, omezova\u010d otev\u0159en\u00ed dv\u00ed\u0159ek, horn\u00ed police na klobouky, \u0161atn\u00ed ty\u010d se 3 h\u00e1\u010dky, sokl 160 mm, barva: korpus sv\u011btle \u0161ed\u00e1 RAL 7035, pr\u00e1\u0161kov\u011b lakov\u00e1no<\/p>","protected":false},"excerpt":{"rendered":"<p>1920 \u00d7 600 \u00d7 500 mm (V \u00d7 \u0160 \u00d7 H), dvoum\u00edstn\u00e1 \u0161atn\u00ed sk\u0159\u00ed\u0148ka se zv\u00fd\u0161enou ochranou proti vloup\u00e1n\u00ed, tvarov\u011b stabiln\u00ed dvojpl\u00e1\u0161\u0165ov\u00e1 dv\u00ed\u0159ka, omezova\u010d otev\u0159en\u00ed dv\u00ed\u0159ek, horn\u00ed police na klobouky, \u0161atn\u00ed ty\u010d se 3 h\u00e1\u010dky, sokl 160 mm, barva: korpus sv\u011btle \u0161ed\u00e1 RAL 7035, pr\u00e1\u0161kov\u011b lakov\u00e1no<\/p>","protected":false},"featured_media":3163,"comment_status":"open","ping_status":"closed","template":"","meta":[],"product_brand":[544],"product_cat":[46],"product_tag":[],"class_list":["post-3824","product","type-product","status-publish","has-post-thumbnail","product_brand-divikom-stahlmoebel","product_cat-spinde","pa_abteilbreite-300-mm","pa_anzahl-abteile-91","pa_breite-600-mm","pa_faecher-pro-abteil-94","pa_hoehe-1920-mm","pa_lieferung-standard-programm","pa_tuer-farbe-ral3000","pa_tuer-farbe-ral1023","pa_tuer-farbe-ral2004","pa_tuer-farbe-ral5009","pa_tuer-farbe-ral5010","pa_tuer-farbe-ral7035","pa_tuer-farbe-ral6024","pa_tuer-farbe-ral5012","pa_tuer-farbe-ral7016","pa_verschluss-drehriegelverschluss","pa_verschluss-zylinderschloss","first","instock","taxable","shipping-taxable","purchasable","product-type-variable","has-default-attributes"],"_links":{"self":[{"href":"https:\/\/www.divikom.eu\/cs\/wp-json\/wp\/v2\/product\/3824","targetHints":{"allow":["GET"]}}],"collection":[{"href":"https:\/\/www.divikom.eu\/cs\/wp-json\/wp\/v2\/product"}],"about":[{"href":"https:\/\/www.divikom.eu\/cs\/wp-json\/wp\/v2\/types\/product"}],"replies":[{"embeddable":true,"href":"https:\/\/www.divikom.eu\/cs\/wp-json\/wp\/v2\/comments?post=3824"}],"wp:featuredmedia":[{"embeddable":true,"href":"https:\/\/www.divikom.eu\/cs\/wp-json\/wp\/v2\/media\/3163"}],"wp:attachment":[{"href":"https:\/\/www.divikom.eu\/cs\/wp-json\/wp\/v2\/media?parent=3824"}],"wp:term":[{"taxonomy":"product_brand","embeddable":true,"href":"https:\/\/www.divikom.eu\/cs\/wp-json\/wp\/v2\/product_brand?post=3824"},{"taxonomy":"product_cat","embeddable":true,"href":"https:\/\/www.divikom.eu\/cs\/wp-json\/wp\/v2\/product_cat?post=3824"},{"taxonomy":"product_tag","embeddable":true,"href":"https:\/\/www.divikom.eu\/cs\/wp-json\/wp\/v2\/product_tag?post=3824"}],"curies":[{"name":"wp","href":"https:\/\/api.w.org\/{rel}","templated":true}]}}