{"id":14509,"date":"2025-04-18T19:15:52","date_gmt":"2025-04-18T17:15:52","guid":{"rendered":"https:\/\/wptest.divikom.eu\/p\/werktisch-mit-2-haengeschubladen-150-cm\/"},"modified":"2026-08-28T12:51:54","modified_gmt":"2026-08-28T10:51:54","slug":"pracovni-stul-se-2-zavesnymi-zasuvkami-150-cm","status":"publish","type":"product","link":"https:\/\/www.divikom.eu\/cs\/p\/werktisch-mit-2-haengeschubladen-150-cm\/","title":{"rendered":"Pracovn\u00ed st\u016fl se 2 z\u00e1v\u011bsn\u00fdmi z\u00e1suvkami 150 cm"},"content":{"rendered":"<p>880\u00d71500\u00d7700 mm (V\u00d7\u0160\u00d7H), vod\u011bodoln\u00e1 masivn\u00ed bukov\u00e1 deska, tlou\u0161\u0165ka 40 mm, se zkosen\u00fdmi hranami, o\u0161et\u0159eno ln\u011bn\u00fdm ferme\u017eov\u00fdm lakem, 2\u00d7 noha bez mo\u017enosti se\u0159\u00edzen\u00ed, v\u00fd\u0161ka pracovn\u00ed plochy stolu 880 mm (V\u00d7\u0160\u00d7H), 1\u00d7 DPATRN150N \u2013 spojovac\u00ed trubka nohou d\u00e9lky 1500 mm, 1\u00d7 DKU6U2BS \u2013 z\u00e1v\u011bsn\u00fd z\u00e1suvkov\u00fd kontejner se 2 z\u00e1suvkami 24D\u00d727D\u00d76U, 2\u00d7 3U, v\u00fdsuv 100%, nosnost 40 kg, uzamyk\u00e1n\u00ed cylindrick\u00fdm z\u00e1mkem, komfortn\u00ed AL \u00fachytov\u00e1 li\u0161ta s popisov\u00fdm polem, barva: nohy sv\u011btle \u0161ed\u00e1 RAL7035, z\u00e1suvky voliteln\u00e9, pr\u00e1\u0161kov\u011b lakovan\u00e9<\/p>","protected":false},"excerpt":{"rendered":"<p>880\u00d71500\u00d7700 mm (V\u00d7\u0160\u00d7H), vod\u011bodoln\u00e1 masivn\u00ed bukov\u00e1 deska, tlou\u0161\u0165ka 40 mm, se zkosen\u00fdmi hranami, o\u0161et\u0159eno ln\u011bn\u00fdm ferme\u017eov\u00fdm lakem, 2\u00d7 noha bez mo\u017enosti se\u0159\u00edzen\u00ed, v\u00fd\u0161ka pracovn\u00ed plochy stolu 880 mm (V\u00d7\u0160\u00d7H), 1\u00d7 DPATRN150N \u2013 spojovac\u00ed trubka nohou d\u00e9lky 1500 mm, 1\u00d7 DKU6U2BS \u2013 z\u00e1v\u011bsn\u00fd z\u00e1suvkov\u00fd kontejner se 2 z\u00e1suvkami 24D\u00d727D\u00d76U, 2\u00d7 3U, v\u00fdsuv 100%, nosnost 40 kg, uzamyk\u00e1n\u00ed cylindrick\u00fdm z\u00e1mkem, komfortn\u00ed AL \u00fachytov\u00e1 li\u0161ta s popisov\u00fdm polem, barva: nohy sv\u011btle \u0161ed\u00e1 RAL7035, z\u00e1suvky voliteln\u00e9, pr\u00e1\u0161kov\u011b lakovan\u00e9<\/p>","protected":false},"featured_media":17655,"comment_status":"open","ping_status":"open","template":"","meta":[],"product_brand":[544],"product_cat":[571],"product_tag":[],"class_list":["post-14509","product","type-product","status-publish","has-post-thumbnail","product_brand-divikom-stahlmoebel","product_cat-werktische-dpb","pa_auszug-100-auszug-traglast-40-kg","pa_breite-1500-mm","pa_hoehe-506","pa_tuer-farbe-ral7035","pa_tuer-farbe-ral5012","pa_tuer-farbe-ral3000","pa_tuer-farbe-ral1023","pa_tuer-farbe-ral2004","pa_tuer-farbe-ral5009","pa_tuer-farbe-ral5010","pa_tuer-farbe-ral6024","pa_tuer-farbe-ral7016","first","instock","taxable","shipping-taxable","purchasable","product-type-variable","has-default-attributes"],"_links":{"self":[{"href":"https:\/\/www.divikom.eu\/cs\/wp-json\/wp\/v2\/product\/14509","targetHints":{"allow":["GET"]}}],"collection":[{"href":"https:\/\/www.divikom.eu\/cs\/wp-json\/wp\/v2\/product"}],"about":[{"href":"https:\/\/www.divikom.eu\/cs\/wp-json\/wp\/v2\/types\/product"}],"replies":[{"embeddable":true,"href":"https:\/\/www.divikom.eu\/cs\/wp-json\/wp\/v2\/comments?post=14509"}],"wp:featuredmedia":[{"embeddable":true,"href":"https:\/\/www.divikom.eu\/cs\/wp-json\/wp\/v2\/media\/17655"}],"wp:attachment":[{"href":"https:\/\/www.divikom.eu\/cs\/wp-json\/wp\/v2\/media?parent=14509"}],"wp:term":[{"taxonomy":"product_brand","embeddable":true,"href":"https:\/\/www.divikom.eu\/cs\/wp-json\/wp\/v2\/product_brand?post=14509"},{"taxonomy":"product_cat","embeddable":true,"href":"https:\/\/www.divikom.eu\/cs\/wp-json\/wp\/v2\/product_cat?post=14509"},{"taxonomy":"product_tag","embeddable":true,"href":"https:\/\/www.divikom.eu\/cs\/wp-json\/wp\/v2\/product_tag?post=14509"}],"curies":[{"name":"wp","href":"https:\/\/api.w.org\/{rel}","templated":true}]}}