{"id":14411,"date":"2025-04-18T19:14:07","date_gmt":"2025-04-18T17:14:07","guid":{"rendered":"https:\/\/wptest.divikom.eu\/p\/werktisch-mit-fuss-und-tuerenschrank-150-cm\/"},"modified":"2026-08-28T12:51:55","modified_gmt":"2026-08-28T10:51:55","slug":"pracovni-stul-s-podnozi-a-skrinkou-s-dvirky-150-cm","status":"publish","type":"product","link":"https:\/\/www.divikom.eu\/cs\/p\/werktisch-mit-fuss-und-tuerenschrank-150-cm\/","title":{"rendered":"Pracovn\u00ed st\u016fl s podno\u017e\u00ed a sk\u0159\u00ed\u0148kou s dv\u00ed\u0159ky 150 cm"},"content":{"rendered":"<p>880 \u00d7 1500 \u00d7 700 mm (V \u00d7 \u0160 \u00d7 H), vod\u011bodoln\u00e1 masivn\u00ed bukov\u00e1 pracovn\u00ed deska, tlou\u0161\u0165ka 40 mm, zkosen\u00e9 hrany, o\u0161et\u0159eno ln\u011bnou ferme\u017e\u00ed, 1\u00d7 noha bez mo\u017enosti v\u00fd\u0161kov\u00e9ho nastaven\u00ed, v\u00fd\u0161ka pracovn\u00ed plochy stolu 880 mm (V \u00d7 \u0160 \u00d7 H), 1\u00d7 DKU17U1D \u2013 univerz\u00e1ln\u00ed d\u00edlensk\u00e1 z\u00e1suvkov\u00e1 sk\u0159\u00ed\u0148, dve\u0159e 17U, na vnit\u0159n\u00ed stran\u011b dve\u0159\u00ed deska EUROPERFO, uzamyk\u00e1n\u00ed cylindrick\u00fdm z\u00e1mkem, 2 police v\u00fd\u0161kov\u011b nastaviteln\u00e9 v rastru 25 mm s nosnost\u00ed 40 kg, barva: nohy\/korpus sv\u011btle \u0161ed\u00e1 RAL7035, z\u00e1suvky voliteln\u00e9, pr\u00e1\u0161kov\u011b lakov\u00e1no<\/p>","protected":false},"excerpt":{"rendered":"<p>880 \u00d7 1500 \u00d7 700 mm (V \u00d7 \u0160 \u00d7 H), vod\u011bodoln\u00e1 masivn\u00ed bukov\u00e1 pracovn\u00ed deska, tlou\u0161\u0165ka 40 mm, zkosen\u00e9 hrany, o\u0161et\u0159eno ln\u011bnou ferme\u017e\u00ed, 1\u00d7 noha bez mo\u017enosti v\u00fd\u0161kov\u00e9ho nastaven\u00ed, v\u00fd\u0161ka pracovn\u00ed plochy stolu 880 mm (V \u00d7 \u0160 \u00d7 H), 1\u00d7 DKU17U1D \u2013 univerz\u00e1ln\u00ed d\u00edlensk\u00e1 z\u00e1suvkov\u00e1 sk\u0159\u00ed\u0148, dve\u0159e 17U, na vnit\u0159n\u00ed stran\u011b dve\u0159\u00ed deska EUROPERFO, uzamyk\u00e1n\u00ed cylindrick\u00fdm z\u00e1mkem, 2 police v\u00fd\u0161kov\u011b nastaviteln\u00e9 v rastru 25 mm s nosnost\u00ed 40 kg, barva: nohy\/korpus sv\u011btle \u0161ed\u00e1 RAL7035, z\u00e1suvky voliteln\u00e9, pr\u00e1\u0161kov\u011b lakov\u00e1no<\/p>","protected":false},"featured_media":17617,"comment_status":"open","ping_status":"open","template":"","meta":[],"product_brand":[544],"product_cat":[571],"product_tag":[],"class_list":["post-14411","product","type-product","status-publish","has-post-thumbnail","product_brand-divikom-stahlmoebel","product_cat-werktische-dpb","pa_breite-1500-mm","pa_hoehe-506","pa_tuer-farbe-ral5012","pa_tuer-farbe-ral3000","pa_tuer-farbe-ral1023","pa_tuer-farbe-ral2004","pa_tuer-farbe-ral5009","pa_tuer-farbe-ral5010","pa_tuer-farbe-ral6024","pa_tuer-farbe-ral7016","pa_tuer-farbe-ral7035","first","instock","taxable","shipping-taxable","purchasable","product-type-variable","has-default-attributes"],"_links":{"self":[{"href":"https:\/\/www.divikom.eu\/cs\/wp-json\/wp\/v2\/product\/14411","targetHints":{"allow":["GET"]}}],"collection":[{"href":"https:\/\/www.divikom.eu\/cs\/wp-json\/wp\/v2\/product"}],"about":[{"href":"https:\/\/www.divikom.eu\/cs\/wp-json\/wp\/v2\/types\/product"}],"replies":[{"embeddable":true,"href":"https:\/\/www.divikom.eu\/cs\/wp-json\/wp\/v2\/comments?post=14411"}],"wp:featuredmedia":[{"embeddable":true,"href":"https:\/\/www.divikom.eu\/cs\/wp-json\/wp\/v2\/media\/17617"}],"wp:attachment":[{"href":"https:\/\/www.divikom.eu\/cs\/wp-json\/wp\/v2\/media?parent=14411"}],"wp:term":[{"taxonomy":"product_brand","embeddable":true,"href":"https:\/\/www.divikom.eu\/cs\/wp-json\/wp\/v2\/product_brand?post=14411"},{"taxonomy":"product_cat","embeddable":true,"href":"https:\/\/www.divikom.eu\/cs\/wp-json\/wp\/v2\/product_cat?post=14411"},{"taxonomy":"product_tag","embeddable":true,"href":"https:\/\/www.divikom.eu\/cs\/wp-json\/wp\/v2\/product_tag?post=14411"}],"curies":[{"name":"wp","href":"https:\/\/api.w.org\/{rel}","templated":true}]}}