{"id":10175,"date":"2025-12-14T11:35:13","date_gmt":"2025-12-14T10:35:13","guid":{"rendered":"https:\/\/wptest.divikom.eu\/p\/profi-werkbank-880x2000x700-mm-buche-40-mm-5-schubladen-1-tuer-lichtgrau-alu-griffleisten-abschliessbar\/"},"modified":"2026-08-28T12:54:57","modified_gmt":"2026-08-28T10:54:57","slug":"profesionalni-pracovni-stul-880-x-2000-x-700-mm-bukova-deska-40-mm-5-zasuvek-1-dvirka-svetle-sedy-hlinikove-uchytove-listy-uzamykatelny","status":"publish","type":"product","link":"https:\/\/www.divikom.eu\/cs\/p\/profi-werkbank-880x2000x700-mm-buche-40-mm-5-schubladen-1-tuer-lichtgrau-alu-griffleisten-abschliessbar\/","title":{"rendered":"Profesion\u00e1ln\u00ed pracovn\u00ed st\u016fl 880 \u00d7 2000 \u00d7 700 mm, buk, 40 mm, 5 z\u00e1suvek, 1 dv\u00ed\u0159ka, sv\u011btle \u0161ed\u00fd, hlin\u00edkov\u00e9 \u00fachytov\u00e9 li\u0161ty, uzamykateln\u00fd"},"content":{"rendered":"<p>880\u00d72000\u00d7700 mm, vod\u011bodoln\u00e1 masivn\u00ed bukov\u00e1 deska, tlou\u0161\u0165ka 40 mm, zkosen\u00e9 hrany, o\u0161et\u0159eno ln\u011bn\u00fdm ferme\u017e\u00ed, 1\u00d7 DKP272717U4 \u2013 profesion\u00e1ln\u00ed z\u00e1suvkov\u00e1 sk\u0159\u00ed\u0148, 1\u00d7 z\u00e1suvka 2U, 1\u00d7 z\u00e1suvka 4U, 1\u00d7 z\u00e1suvka 5U, 1\u00d7 z\u00e1suvka 6U, varianta A \u2013 v\u00fdsuv 80%, nosnost 90 kg\/z\u00e1suvka, varianta B \u2013 v\u00fdsuv 100%, nosnost 65 kg\/z\u00e1suvka, centr\u00e1ln\u00ed uzamyk\u00e1n\u00ed cylindrick\u00fdm z\u00e1mkem, zabezpe\u010den\u00ed proti p\u0159evr\u00e1cen\u00ed, komfortn\u00ed hlin\u00edkov\u00e9 madlov\u00e9 li\u0161ty s popisov\u00fdm polem, 1\u00d7 DKP272717U1D \u2013 profesion\u00e1ln\u00ed z\u00e1suvkov\u00e1 sk\u0159\u00ed\u0148, dv\u00ed\u0159ka 17U s komfortn\u00ed hlin\u00edkovou madlovou li\u0161tou s popisov\u00fdm polem, na vnit\u0159n\u00ed stran\u011b dv\u00ed\u0159ek deska EUROPERFO, uzamyk\u00e1n\u00ed cylindrick\u00fdm z\u00e1mkem, magnetick\u00e9 dr\u017een\u00ed pro neuzam\u010den\u00e1 dv\u00ed\u0159ka, 2 police v\u00fd\u0161kov\u011b nastaviteln\u00e9 v rastru 25 cm s nosnost\u00ed 50 kg\/police, barva korpusu\/nohou sv\u011btle \u0161ed\u00e1 RAL 7035, \u010dela z\u00e1suvek\/dv\u00ed\u0159ka voliteln\u00e1<\/p>","protected":false},"excerpt":{"rendered":"<p>880\u00d72000\u00d7700 mm, vod\u011bodoln\u00e1 masivn\u00ed bukov\u00e1 deska, tlou\u0161\u0165ka 40 mm, zkosen\u00e9 hrany, o\u0161et\u0159eno ln\u011bn\u00fdm ferme\u017e\u00ed, 1\u00d7 DKP272717U4 \u2013 profesion\u00e1ln\u00ed z\u00e1suvkov\u00e1 sk\u0159\u00ed\u0148, 1\u00d7 z\u00e1suvka 2U, 1\u00d7 z\u00e1suvka 4U, 1\u00d7 z\u00e1suvka 5U, 1\u00d7 z\u00e1suvka 6U, varianta A \u2013 v\u00fdsuv 80%, nosnost 90 kg\/z\u00e1suvka, varianta B \u2013 v\u00fdsuv 100%, nosnost 65 kg\/z\u00e1suvka, centr\u00e1ln\u00ed uzamyk\u00e1n\u00ed cylindrick\u00fdm z\u00e1mkem, zabezpe\u010den\u00ed proti p\u0159evr\u00e1cen\u00ed, komfortn\u00ed hlin\u00edkov\u00e9 madlov\u00e9 li\u0161ty s popisov\u00fdm polem, 1\u00d7 DKP272717U1D \u2013 profesion\u00e1ln\u00ed z\u00e1suvkov\u00e1 sk\u0159\u00ed\u0148, dv\u00ed\u0159ka 17U s komfortn\u00ed hlin\u00edkovou madlovou li\u0161tou s popisov\u00fdm polem, na vnit\u0159n\u00ed stran\u011b dv\u00ed\u0159ek deska EUROPERFO, uzamyk\u00e1n\u00ed cylindrick\u00fdm z\u00e1mkem, magnetick\u00e9 dr\u017een\u00ed pro neuzam\u010den\u00e1 dv\u00ed\u0159ka, 2 police v\u00fd\u0161kov\u011b nastaviteln\u00e9 v rastru 25 cm s nosnost\u00ed 50 kg\/police, barva korpusu\/nohou sv\u011btle \u0161ed\u00e1 RAL 7035, \u010dela z\u00e1suvek\/dv\u00ed\u0159ka voliteln\u00e1<\/p>","protected":false},"featured_media":12497,"comment_status":"closed","ping_status":"open","template":"","meta":[],"product_brand":[544],"product_cat":[511],"product_tag":[],"class_list":["post-10175","product","type-product","status-publish","has-post-thumbnail","product_brand-divikom-stahlmoebel","product_cat-werkbaenke-dpa200","pa_auszug-100-auszug-traglast-65-kg","pa_auszug-80-auszug-traglast-90-kg","pa_breite-2000-mm","pa_hoehe-506","pa_tuer-farbe-ral7035","pa_tuer-farbe-ral5012","pa_tuer-farbe-ral3000","pa_tuer-farbe-ral1023","pa_tuer-farbe-ral2004","pa_tuer-farbe-ral5009","pa_tuer-farbe-ral5010","pa_tuer-farbe-ral6024","pa_tuer-farbe-ral7016","first","instock","taxable","shipping-taxable","purchasable","product-type-variable","has-default-attributes"],"_links":{"self":[{"href":"https:\/\/www.divikom.eu\/cs\/wp-json\/wp\/v2\/product\/10175","targetHints":{"allow":["GET"]}}],"collection":[{"href":"https:\/\/www.divikom.eu\/cs\/wp-json\/wp\/v2\/product"}],"about":[{"href":"https:\/\/www.divikom.eu\/cs\/wp-json\/wp\/v2\/types\/product"}],"replies":[{"embeddable":true,"href":"https:\/\/www.divikom.eu\/cs\/wp-json\/wp\/v2\/comments?post=10175"}],"wp:featuredmedia":[{"embeddable":true,"href":"https:\/\/www.divikom.eu\/cs\/wp-json\/wp\/v2\/media\/12497"}],"wp:attachment":[{"href":"https:\/\/www.divikom.eu\/cs\/wp-json\/wp\/v2\/media?parent=10175"}],"wp:term":[{"taxonomy":"product_brand","embeddable":true,"href":"https:\/\/www.divikom.eu\/cs\/wp-json\/wp\/v2\/product_brand?post=10175"},{"taxonomy":"product_cat","embeddable":true,"href":"https:\/\/www.divikom.eu\/cs\/wp-json\/wp\/v2\/product_cat?post=10175"},{"taxonomy":"product_tag","embeddable":true,"href":"https:\/\/www.divikom.eu\/cs\/wp-json\/wp\/v2\/product_tag?post=10175"}],"curies":[{"name":"wp","href":"https:\/\/api.w.org\/{rel}","templated":true}]}}