{"id":10137,"date":"2025-02-12T12:58:09","date_gmt":"2025-02-12T11:58:09","guid":{"rendered":"https:\/\/wptest.divikom.eu\/p\/profi-werkbank-880x2000x700-mm-buchenplatte-2-schraenke-2-schubladen-zylinderschloss-ral7035\/"},"modified":"2026-08-28T12:54:57","modified_gmt":"2026-08-28T10:54:57","slug":"profesionalni-pracovni-stul-880-x-2000-x-700-mm-bukova-deska-2-skrinky-2-zasuvky-cylindricky-zamek-ral-7035","status":"publish","type":"product","link":"https:\/\/www.divikom.eu\/cs\/p\/profi-werkbank-880x2000x700-mm-buchenplatte-2-schraenke-2-schubladen-zylinderschloss-ral7035\/","title":{"rendered":"Profesion\u00e1ln\u00ed pracovn\u00ed d\u00edlensk\u00fd st\u016fl 880 \u00d7 2000 \u00d7 700 mm, bukov\u00e1 deska, 2 sk\u0159\u00ed\u0148ky, 2 z\u00e1suvky, cylindrick\u00fd z\u00e1mek, RAL 7035"},"content":{"rendered":"<p>880 \u00d7 2000 \u00d7 700 mm, vod\u011bodoln\u00e1 masivn\u00ed bukov\u00e1 deska, tlou\u0161\u0165ka 40 mm, zkosen\u00e9 hrany, o\u0161et\u0159eno ln\u011bnou ferme\u017e\u00ed, 2\u00d7 DKP272717U3 \u2013 profesion\u00e1ln\u00ed z\u00e1suvkov\u00e1 sk\u0159\u00ed\u0148, 1\u00d7 z\u00e1suvka 5U, 1\u00d7 z\u00e1suvka 6U, varianta A \u2013 v\u00fdsuv 80%, nosnost 90 kg\/z\u00e1suvka, varianta B \u2013 v\u00fdsuv 100%, nosnost 65 kg\/z\u00e1suvka, centr\u00e1ln\u00ed zamyk\u00e1n\u00ed s cylindrick\u00fdm z\u00e1mkem, pohodln\u00e9 hlin\u00edkov\u00e9 madlov\u00e9 li\u0161ty s popisovac\u00edm polem, barva korpusu\/no\u017eek sv\u011btle \u0161ed\u00e1 RAL7035, \u010dela z\u00e1suvek\/dv\u00ed\u0159ka voliteln\u00e1<\/p>","protected":false},"excerpt":{"rendered":"<p>880 \u00d7 2000 \u00d7 700 mm, vod\u011bodoln\u00e1 masivn\u00ed bukov\u00e1 deska, tlou\u0161\u0165ka 40 mm, zkosen\u00e9 hrany, o\u0161et\u0159eno ln\u011bnou ferme\u017e\u00ed, 2\u00d7 DKP272717U3 \u2013 profesion\u00e1ln\u00ed z\u00e1suvkov\u00e1 sk\u0159\u00ed\u0148, 1\u00d7 z\u00e1suvka 5U, 1\u00d7 z\u00e1suvka 6U, varianta A \u2013 v\u00fdsuv 80%, nosnost 90 kg\/z\u00e1suvka, varianta B \u2013 v\u00fdsuv 100%, nosnost 65 kg\/z\u00e1suvka, centr\u00e1ln\u00ed zamyk\u00e1n\u00ed s cylindrick\u00fdm z\u00e1mkem, pohodln\u00e9 hlin\u00edkov\u00e9 madlov\u00e9 li\u0161ty s popisovac\u00edm polem, barva korpusu\/no\u017eek sv\u011btle \u0161ed\u00e1 RAL7035, \u010dela z\u00e1suvek\/dv\u00ed\u0159ka voliteln\u00e1<\/p>","protected":false},"featured_media":12495,"comment_status":"open","ping_status":"open","template":"","meta":[],"product_brand":[544],"product_cat":[511],"product_tag":[],"class_list":["post-10137","product","type-product","status-publish","has-post-thumbnail","product_brand-divikom-stahlmoebel","product_cat-werkbaenke-dpa200","pa_auszug-100-auszug-traglast-65-kg","pa_auszug-80-auszug-traglast-90-kg","pa_breite-2000-mm","pa_hoehe-506","pa_tuer-farbe-ral7016","pa_tuer-farbe-ral7035","pa_tuer-farbe-ral5012","pa_tuer-farbe-ral3000","pa_tuer-farbe-ral1023","pa_tuer-farbe-ral2004","pa_tuer-farbe-ral5009","pa_tuer-farbe-ral5010","pa_tuer-farbe-ral6024","first","instock","taxable","shipping-taxable","purchasable","product-type-variable","has-default-attributes"],"_links":{"self":[{"href":"https:\/\/www.divikom.eu\/cs\/wp-json\/wp\/v2\/product\/10137","targetHints":{"allow":["GET"]}}],"collection":[{"href":"https:\/\/www.divikom.eu\/cs\/wp-json\/wp\/v2\/product"}],"about":[{"href":"https:\/\/www.divikom.eu\/cs\/wp-json\/wp\/v2\/types\/product"}],"replies":[{"embeddable":true,"href":"https:\/\/www.divikom.eu\/cs\/wp-json\/wp\/v2\/comments?post=10137"}],"wp:featuredmedia":[{"embeddable":true,"href":"https:\/\/www.divikom.eu\/cs\/wp-json\/wp\/v2\/media\/12495"}],"wp:attachment":[{"href":"https:\/\/www.divikom.eu\/cs\/wp-json\/wp\/v2\/media?parent=10137"}],"wp:term":[{"taxonomy":"product_brand","embeddable":true,"href":"https:\/\/www.divikom.eu\/cs\/wp-json\/wp\/v2\/product_brand?post=10137"},{"taxonomy":"product_cat","embeddable":true,"href":"https:\/\/www.divikom.eu\/cs\/wp-json\/wp\/v2\/product_cat?post=10137"},{"taxonomy":"product_tag","embeddable":true,"href":"https:\/\/www.divikom.eu\/cs\/wp-json\/wp\/v2\/product_tag?post=10137"}],"curies":[{"name":"wp","href":"https:\/\/api.w.org\/{rel}","templated":true}]}}